{"id":9166,"date":"2015-01-26T18:33:07","date_gmt":"2015-01-26T18:33:07","guid":{"rendered":"https:\/\/preprod.cosmetics-ebene.com\/?product=gel-creme-integrale"},"modified":"2025-05-24T05:21:37","modified_gmt":"2025-05-24T05:21:37","slug":"gel-creme-integrale","status":"publish","type":"product","link":"https:\/\/www.cosmetics-ebene.com\/en\/product\/gel-creme-integrale\/","title":{"rendered":"DH7 Lightening Gel Cream Integral 30 g"},"content":{"rendered":"<ul>\n<li>Attenue visiblement les imperfections pigmentaires gr\u00e2ce \u00e0 la performance de ses actifs d\u00e9pigmentants<\/li>\n<li>Uniformise votre teint et laisse une peau \u00e9clatante et sans taches<\/li>\n<li>Texture tr\u00e8s agr\u00e9able\u00a0<\/li>\n<li>Sans hydroquinone<\/li>\n<li>Produit fabriqu\u00e9 en France<\/li>\n<\/ul>\n","protected":false},"excerpt":{"rendered":"<p>Gr\u00e2ce \u00e0 la performance de son complexe d&#8217;actifs d\u00e9pigmentants, le gel cr\u00e8me \u00e9claircissant DH7 att\u00e9nue visiblement les imperfections pigmentaires. Il \u00e9claircit uniform\u00e9ment votre teint et laisse une peau \u00e9clatante et sans taches.Sa texture originale rend son utilisation facile et agr\u00e9able.\u00a0<\/p>\n","protected":false},"featured_media":9164,"comment_status":"open","ping_status":"closed","template":"","meta":[],"product_brand":[261],"product_cat":[346,322,358,366,350,370],"product_tag":[],"class_list":{"0":"post-9166","1":"product","2":"type-product","3":"status-publish","4":"has-post-thumbnail","6":"product_brand-dh7","7":"product_cat-body-care-and-face-care","8":"product_cat-dh7-integrale-en","9":"product_cat-face-care","10":"product_cat-lightening-and-anti-spot","11":"product_cat-men","12":"product_cat-targeted-care","13":"pa_un-produit-pour-le-visage-en","14":"pa_une-marque-dh7-en","15":"pa_une-solution-pour-visage-soin-eclaircissant-anti-taches-en","18":"instock","19":"taxable","20":"shipping-taxable","21":"purchasable","22":"product-type-simple"},"yoast_head":"<!-- This site is optimized with the Yoast SEO plugin v27.3 - https:\/\/yoast.com\/product\/yoast-seo-wordpress\/ -->\n<title>DH7 gel cr\u00e8me int\u00e9grale<\/title>\n<meta name=\"description\" content=\"Gr\u00e2ce \u00e0 la performance de son complexe d&#039;actifs d\u00e9pigmentants, le gel cr\u00e8me \u00e9claircissant DH7 att\u00e9nue visiblement les imperfections pigmentaires et \u00e9claircit\" \/>\n<meta name=\"robots\" content=\"index, follow, max-snippet:-1, max-image-preview:large, max-video-preview:-1\" \/>\n<link rel=\"canonical\" href=\"https:\/\/www.cosmetics-ebene.com\/en\/product\/gel-creme-integrale\/\" \/>\n<meta property=\"og:locale\" content=\"en_US\" \/>\n<meta property=\"og:type\" content=\"article\" \/>\n<meta property=\"og:title\" content=\"DH7 gel cr\u00e8me int\u00e9grale\" \/>\n<meta property=\"og:description\" content=\"Gr\u00e2ce \u00e0 la performance de son complexe d&#039;actifs d\u00e9pigmentants, le gel cr\u00e8me \u00e9claircissant DH7 att\u00e9nue visiblement les imperfections pigmentaires et \u00e9claircit\" \/>\n<meta property=\"og:url\" content=\"https:\/\/www.cosmetics-ebene.com\/en\/product\/gel-creme-integrale\/\" \/>\n<meta property=\"og:site_name\" content=\"Sessi\" \/>\n<meta property=\"article:modified_time\" content=\"2025-05-24T05:21:37+00:00\" \/>\n<meta property=\"og:image\" content=\"https:\/\/www.cosmetics-ebene.com\/wp-content\/uploads\/2024\/09\/259-scaled.jpg\" \/>\n\t<meta property=\"og:image:width\" content=\"1707\" \/>\n\t<meta property=\"og:image:height\" content=\"2560\" \/>\n\t<meta property=\"og:image:type\" content=\"image\/jpeg\" \/>\n<meta name=\"twitter:card\" content=\"summary_large_image\" \/>\n<script type=\"application\/ld+json\" class=\"yoast-schema-graph\">{\"@context\":\"https:\\\/\\\/schema.org\",\"@graph\":[{\"@type\":\"WebPage\",\"@id\":\"https:\\\/\\\/www.cosmetics-ebene.com\\\/en\\\/product\\\/gel-creme-integrale\\\/\",\"url\":\"https:\\\/\\\/www.cosmetics-ebene.com\\\/en\\\/product\\\/gel-creme-integrale\\\/\",\"name\":\"DH7 gel cr\u00e8me int\u00e9grale\",\"isPartOf\":{\"@id\":\"https:\\\/\\\/www.cosmetics-ebene.com\\\/en\\\/#website\"},\"primaryImageOfPage\":{\"@id\":\"https:\\\/\\\/www.cosmetics-ebene.com\\\/en\\\/product\\\/gel-creme-integrale\\\/#primaryimage\"},\"image\":{\"@id\":\"https:\\\/\\\/www.cosmetics-ebene.com\\\/en\\\/product\\\/gel-creme-integrale\\\/#primaryimage\"},\"thumbnailUrl\":\"https:\\\/\\\/www.cosmetics-ebene.com\\\/wp-content\\\/uploads\\\/2024\\\/09\\\/259-scaled.jpg\",\"datePublished\":\"2015-01-26T18:33:07+00:00\",\"dateModified\":\"2025-05-24T05:21:37+00:00\",\"description\":\"Gr\u00e2ce \u00e0 la performance de son complexe d'actifs d\u00e9pigmentants, le gel cr\u00e8me \u00e9claircissant DH7 att\u00e9nue visiblement les imperfections pigmentaires et \u00e9claircit\",\"breadcrumb\":{\"@id\":\"https:\\\/\\\/www.cosmetics-ebene.com\\\/en\\\/product\\\/gel-creme-integrale\\\/#breadcrumb\"},\"inLanguage\":\"en-US\",\"potentialAction\":[{\"@type\":\"ReadAction\",\"target\":[\"https:\\\/\\\/www.cosmetics-ebene.com\\\/en\\\/product\\\/gel-creme-integrale\\\/\"]}]},{\"@type\":\"ImageObject\",\"inLanguage\":\"en-US\",\"@id\":\"https:\\\/\\\/www.cosmetics-ebene.com\\\/en\\\/product\\\/gel-creme-integrale\\\/#primaryimage\",\"url\":\"https:\\\/\\\/www.cosmetics-ebene.com\\\/wp-content\\\/uploads\\\/2024\\\/09\\\/259-scaled.jpg\",\"contentUrl\":\"https:\\\/\\\/www.cosmetics-ebene.com\\\/wp-content\\\/uploads\\\/2024\\\/09\\\/259-scaled.jpg\",\"width\":1707,\"height\":2560,\"caption\":\"Gel cr\u00e8me Int\u00e9grale\"},{\"@type\":\"BreadcrumbList\",\"@id\":\"https:\\\/\\\/www.cosmetics-ebene.com\\\/en\\\/product\\\/gel-creme-integrale\\\/#breadcrumb\",\"itemListElement\":[{\"@type\":\"ListItem\",\"position\":1,\"name\":\"Home\",\"item\":\"https:\\\/\\\/www.cosmetics-ebene.com\\\/en\\\/\"},{\"@type\":\"ListItem\",\"position\":2,\"name\":\"Shop\",\"item\":\"https:\\\/\\\/www.cosmetics-ebene.com\\\/shop\\\/\"},{\"@type\":\"ListItem\",\"position\":3,\"name\":\"DH7 Lightening Gel Cream Integral 30 g\"}]},{\"@type\":\"WebSite\",\"@id\":\"https:\\\/\\\/www.cosmetics-ebene.com\\\/en\\\/#website\",\"url\":\"https:\\\/\\\/www.cosmetics-ebene.com\\\/en\\\/\",\"name\":\"Sessi\",\"description\":\"Produits de beaut\u00e9 pour peau noires et m\u00e9tiss\u00e9\",\"publisher\":{\"@id\":\"https:\\\/\\\/www.cosmetics-ebene.com\\\/en\\\/#organization\"},\"potentialAction\":[{\"@type\":\"SearchAction\",\"target\":{\"@type\":\"EntryPoint\",\"urlTemplate\":\"https:\\\/\\\/www.cosmetics-ebene.com\\\/en\\\/?s={search_term_string}\"},\"query-input\":{\"@type\":\"PropertyValueSpecification\",\"valueRequired\":true,\"valueName\":\"search_term_string\"}}],\"inLanguage\":\"en-US\"},{\"@type\":\"Organization\",\"@id\":\"https:\\\/\\\/www.cosmetics-ebene.com\\\/en\\\/#organization\",\"name\":\"Sessi\",\"url\":\"https:\\\/\\\/www.cosmetics-ebene.com\\\/en\\\/\",\"logo\":{\"@type\":\"ImageObject\",\"inLanguage\":\"en-US\",\"@id\":\"https:\\\/\\\/www.cosmetics-ebene.com\\\/en\\\/#\\\/schema\\\/logo\\\/image\\\/\",\"url\":\"https:\\\/\\\/www.cosmetics-ebene.com\\\/wp-content\\\/uploads\\\/2024\\\/09\\\/cosmetics-ebene-logo-1-e1727351533275.png\",\"contentUrl\":\"https:\\\/\\\/www.cosmetics-ebene.com\\\/wp-content\\\/uploads\\\/2024\\\/09\\\/cosmetics-ebene-logo-1-e1727351533275.png\",\"width\":350,\"height\":69,\"caption\":\"Sessi\"},\"image\":{\"@id\":\"https:\\\/\\\/www.cosmetics-ebene.com\\\/en\\\/#\\\/schema\\\/logo\\\/image\\\/\"}}]}<\/script>\n<!-- \/ Yoast SEO plugin. -->","yoast_head_json":{"title":"DH7 gel cr\u00e8me int\u00e9grale","description":"Gr\u00e2ce \u00e0 la performance de son complexe d'actifs d\u00e9pigmentants, le gel cr\u00e8me \u00e9claircissant DH7 att\u00e9nue visiblement les imperfections pigmentaires et \u00e9claircit","robots":{"index":"index","follow":"follow","max-snippet":"max-snippet:-1","max-image-preview":"max-image-preview:large","max-video-preview":"max-video-preview:-1"},"canonical":"https:\/\/www.cosmetics-ebene.com\/en\/product\/gel-creme-integrale\/","og_locale":"en_US","og_type":"article","og_title":"DH7 gel cr\u00e8me int\u00e9grale","og_description":"Gr\u00e2ce \u00e0 la performance de son complexe d'actifs d\u00e9pigmentants, le gel cr\u00e8me \u00e9claircissant DH7 att\u00e9nue visiblement les imperfections pigmentaires et \u00e9claircit","og_url":"https:\/\/www.cosmetics-ebene.com\/en\/product\/gel-creme-integrale\/","og_site_name":"Sessi","article_modified_time":"2025-05-24T05:21:37+00:00","og_image":[{"width":1707,"height":2560,"url":"https:\/\/www.cosmetics-ebene.com\/wp-content\/uploads\/2024\/09\/259-scaled.jpg","type":"image\/jpeg"}],"twitter_card":"summary_large_image","schema":{"@context":"https:\/\/schema.org","@graph":[{"@type":"WebPage","@id":"https:\/\/www.cosmetics-ebene.com\/en\/product\/gel-creme-integrale\/","url":"https:\/\/www.cosmetics-ebene.com\/en\/product\/gel-creme-integrale\/","name":"DH7 gel cr\u00e8me int\u00e9grale","isPartOf":{"@id":"https:\/\/www.cosmetics-ebene.com\/en\/#website"},"primaryImageOfPage":{"@id":"https:\/\/www.cosmetics-ebene.com\/en\/product\/gel-creme-integrale\/#primaryimage"},"image":{"@id":"https:\/\/www.cosmetics-ebene.com\/en\/product\/gel-creme-integrale\/#primaryimage"},"thumbnailUrl":"https:\/\/www.cosmetics-ebene.com\/wp-content\/uploads\/2024\/09\/259-scaled.jpg","datePublished":"2015-01-26T18:33:07+00:00","dateModified":"2025-05-24T05:21:37+00:00","description":"Gr\u00e2ce \u00e0 la performance de son complexe d'actifs d\u00e9pigmentants, le gel cr\u00e8me \u00e9claircissant DH7 att\u00e9nue visiblement les imperfections pigmentaires et \u00e9claircit","breadcrumb":{"@id":"https:\/\/www.cosmetics-ebene.com\/en\/product\/gel-creme-integrale\/#breadcrumb"},"inLanguage":"en-US","potentialAction":[{"@type":"ReadAction","target":["https:\/\/www.cosmetics-ebene.com\/en\/product\/gel-creme-integrale\/"]}]},{"@type":"ImageObject","inLanguage":"en-US","@id":"https:\/\/www.cosmetics-ebene.com\/en\/product\/gel-creme-integrale\/#primaryimage","url":"https:\/\/www.cosmetics-ebene.com\/wp-content\/uploads\/2024\/09\/259-scaled.jpg","contentUrl":"https:\/\/www.cosmetics-ebene.com\/wp-content\/uploads\/2024\/09\/259-scaled.jpg","width":1707,"height":2560,"caption":"Gel cr\u00e8me Int\u00e9grale"},{"@type":"BreadcrumbList","@id":"https:\/\/www.cosmetics-ebene.com\/en\/product\/gel-creme-integrale\/#breadcrumb","itemListElement":[{"@type":"ListItem","position":1,"name":"Home","item":"https:\/\/www.cosmetics-ebene.com\/en\/"},{"@type":"ListItem","position":2,"name":"Shop","item":"https:\/\/www.cosmetics-ebene.com\/shop\/"},{"@type":"ListItem","position":3,"name":"DH7 Lightening Gel Cream Integral 30 g"}]},{"@type":"WebSite","@id":"https:\/\/www.cosmetics-ebene.com\/en\/#website","url":"https:\/\/www.cosmetics-ebene.com\/en\/","name":"Sessi","description":"Produits de beaut\u00e9 pour peau noires et m\u00e9tiss\u00e9","publisher":{"@id":"https:\/\/www.cosmetics-ebene.com\/en\/#organization"},"potentialAction":[{"@type":"SearchAction","target":{"@type":"EntryPoint","urlTemplate":"https:\/\/www.cosmetics-ebene.com\/en\/?s={search_term_string}"},"query-input":{"@type":"PropertyValueSpecification","valueRequired":true,"valueName":"search_term_string"}}],"inLanguage":"en-US"},{"@type":"Organization","@id":"https:\/\/www.cosmetics-ebene.com\/en\/#organization","name":"Sessi","url":"https:\/\/www.cosmetics-ebene.com\/en\/","logo":{"@type":"ImageObject","inLanguage":"en-US","@id":"https:\/\/www.cosmetics-ebene.com\/en\/#\/schema\/logo\/image\/","url":"https:\/\/www.cosmetics-ebene.com\/wp-content\/uploads\/2024\/09\/cosmetics-ebene-logo-1-e1727351533275.png","contentUrl":"https:\/\/www.cosmetics-ebene.com\/wp-content\/uploads\/2024\/09\/cosmetics-ebene-logo-1-e1727351533275.png","width":350,"height":69,"caption":"Sessi"},"image":{"@id":"https:\/\/www.cosmetics-ebene.com\/en\/#\/schema\/logo\/image\/"}}]}},"_links":{"self":[{"href":"https:\/\/www.cosmetics-ebene.com\/en\/wp-json\/wp\/v2\/product\/9166","targetHints":{"allow":["GET"]}}],"collection":[{"href":"https:\/\/www.cosmetics-ebene.com\/en\/wp-json\/wp\/v2\/product"}],"about":[{"href":"https:\/\/www.cosmetics-ebene.com\/en\/wp-json\/wp\/v2\/types\/product"}],"replies":[{"embeddable":true,"href":"https:\/\/www.cosmetics-ebene.com\/en\/wp-json\/wp\/v2\/comments?post=9166"}],"version-history":[{"count":0,"href":"https:\/\/www.cosmetics-ebene.com\/en\/wp-json\/wp\/v2\/product\/9166\/revisions"}],"wp:featuredmedia":[{"embeddable":true,"href":"https:\/\/www.cosmetics-ebene.com\/en\/wp-json\/wp\/v2\/media\/9164"}],"wp:attachment":[{"href":"https:\/\/www.cosmetics-ebene.com\/en\/wp-json\/wp\/v2\/media?parent=9166"}],"wp:term":[{"taxonomy":"product_brand","embeddable":true,"href":"https:\/\/www.cosmetics-ebene.com\/en\/wp-json\/wp\/v2\/product_brand?post=9166"},{"taxonomy":"product_cat","embeddable":true,"href":"https:\/\/www.cosmetics-ebene.com\/en\/wp-json\/wp\/v2\/product_cat?post=9166"},{"taxonomy":"product_tag","embeddable":true,"href":"https:\/\/www.cosmetics-ebene.com\/en\/wp-json\/wp\/v2\/product_tag?post=9166"}],"curies":[{"name":"wp","href":"https:\/\/api.w.org\/{rel}","templated":true}]}}