{"id":9504,"date":"2016-03-04T14:45:13","date_gmt":"2016-03-04T14:45:13","guid":{"rendered":"https:\/\/preprod.cosmetics-ebene.com\/?product=serum-eclaircissant"},"modified":"2020-08-28T14:47:56","modified_gmt":"2020-08-28T14:47:56","slug":"serum-eclaircissant","status":"publish","type":"product","link":"https:\/\/www.cosmetics-ebene.com\/en\/product\/serum-eclaircissant\/","title":{"rendered":"S\u00e9rum \u00c9claircissant"},"content":{"rendered":"<h2><span><img decoding=\"async\" src=\"https:\/\/www.cosmetics-ebene.com\/wp-content\/uploads\/content\/icon1.jpg\" alt=\"\" height=\"73\" width=\"69\" \/><span><span>\u00c9labor\u00e9 et mis au point par des\u00a0scientifiques.<\/span><\/span><\/span><\/h2>\n<h4>Le s\u00e9rum Provate \u00e9claircissant est sp\u00e9cialement mis au point pour les peaux noires, mates et m\u00e9tiss\u00e9es. Il \u00e9limine les taches existantes. En quelques temps vous retrouvez un teint unifi\u00e9 et rayonnant<\/h4>\n<h2><span><img decoding=\"async\" src=\"https:\/\/www.cosmetics-ebene.com\/wp-content\/uploads\/content\/icon2.jpg\" alt=\"\" height=\"73\" width=\"69\" \/><span><span>Conseils d\u2019utilisations :<\/span><\/span><\/span><\/h2>\n<p>A appliquer une ou deux fois par jour sur de petites surfaces ou m\u00e9langer directement dans votre lait Provate. \u00c9viter le contact avec les yeux. En cas d\u2019irritation cessez l\u2019usage. Ne pas utiliser chez les enfants de moins de 12 ans. Usage externe uniquement<\/p>\n<h2><span><img decoding=\"async\" src=\"https:\/\/www.cosmetics-ebene.com\/wp-content\/uploads\/content\/icon3.jpg\" alt=\"\" height=\"73\" width=\"69\" \/><span><span>Composition :<\/span><\/span><\/span><\/h2>\n<p>Aqua, Propylene Glycol, Ascorbic Acid, Artemisia Vulgaris extract, Carrot extract, Licorice extract, Cucumber extract, Parfum, DMDM Hydantoin, Disodium EDTA, Hydroxyethylcellulose, Polysorbate-20, Iodopropynyl, Butylcarbamate<\/p>\n","protected":false},"excerpt":{"rendered":"<p>\u00c9labor\u00e9 et mis au point par des\u00a0scientifiques. Le s\u00e9rum Provate \u00e9claircissant est sp\u00e9cialement mis au point pour les peaux noires, mates et m\u00e9tiss\u00e9es. Il \u00e9limine les taches existantes. En quelques temps vous retrouvez un teint unifi\u00e9 et rayonnant Conseils d\u2019utilisations : A appliquer une ou deux fois par jour sur de petites surfaces ou m\u00e9langer &hellip; <a href=\"https:\/\/www.cosmetics-ebene.com\/en\/product\/serum-eclaircissant\/\" class=\"more-link\">Continue reading <span class=\"screen-reader-text\">S\u00e9rum \u00c9claircissant<\/span><\/a><\/p>\n","protected":false},"featured_media":9502,"comment_status":"open","ping_status":"closed","template":"","meta":[],"product_brand":[],"product_cat":[346,368,358,366,350,328,370],"product_tag":[],"class_list":{"0":"post-9504","1":"product","2":"type-product","3":"status-publish","4":"has-post-thumbnail","6":"product_cat-body-care-and-face-care","7":"product_cat-cream-serum-glycerin-and-moisturizing-lotion","8":"product_cat-face-care","9":"product_cat-lightening-and-anti-spot","10":"product_cat-men","11":"product_cat-iris-en1726628023","12":"product_cat-targeted-care","13":"pa_je-suis-une-femme-en","14":"pa_un-produit-pour-le-visage-en","15":"pa_une-marque-provate-en","16":"pa_une-solution-pour-visage-soin-eclaircissant-anti-taches-en","19":"instock","20":"taxable","21":"shipping-taxable","22":"purchasable","23":"product-type-simple"},"yoast_head":"<!-- This site is optimized with the Yoast SEO plugin v27.3 - https:\/\/yoast.com\/product\/yoast-seo-wordpress\/ -->\n<title>Provate S\u00e9rum \u00e9claircissant<\/title>\n<meta name=\"description\" content=\"Ce s\u00e9rum \u00e9claircit votre peau harmonieusement et en douceur\" \/>\n<meta name=\"robots\" content=\"index, follow, max-snippet:-1, max-image-preview:large, max-video-preview:-1\" \/>\n<link rel=\"canonical\" href=\"https:\/\/www.cosmetics-ebene.com\/en\/product\/serum-eclaircissant\/\" \/>\n<meta property=\"og:locale\" content=\"en_US\" \/>\n<meta property=\"og:type\" content=\"article\" \/>\n<meta property=\"og:title\" content=\"Provate S\u00e9rum \u00e9claircissant\" \/>\n<meta property=\"og:description\" content=\"Ce s\u00e9rum \u00e9claircit votre peau harmonieusement et en douceur\" \/>\n<meta property=\"og:url\" content=\"https:\/\/www.cosmetics-ebene.com\/en\/product\/serum-eclaircissant\/\" \/>\n<meta property=\"og:site_name\" content=\"Sessi\" \/>\n<meta property=\"article:modified_time\" content=\"2020-08-28T14:47:56+00:00\" \/>\n<meta property=\"og:image\" content=\"https:\/\/www.cosmetics-ebene.com\/wp-content\/uploads\/2024\/09\/372-scaled.jpg\" \/>\n\t<meta property=\"og:image:width\" content=\"1707\" \/>\n\t<meta property=\"og:image:height\" content=\"2560\" \/>\n\t<meta property=\"og:image:type\" content=\"image\/jpeg\" \/>\n<meta name=\"twitter:card\" content=\"summary_large_image\" \/>\n<meta name=\"twitter:label1\" content=\"Est. reading time\" \/>\n\t<meta name=\"twitter:data1\" content=\"1 minute\" \/>\n<script type=\"application\/ld+json\" class=\"yoast-schema-graph\">{\"@context\":\"https:\\\/\\\/schema.org\",\"@graph\":[{\"@type\":\"WebPage\",\"@id\":\"https:\\\/\\\/www.cosmetics-ebene.com\\\/en\\\/product\\\/serum-eclaircissant\\\/\",\"url\":\"https:\\\/\\\/www.cosmetics-ebene.com\\\/en\\\/product\\\/serum-eclaircissant\\\/\",\"name\":\"Provate S\u00e9rum \u00e9claircissant\",\"isPartOf\":{\"@id\":\"https:\\\/\\\/www.cosmetics-ebene.com\\\/en\\\/#website\"},\"primaryImageOfPage\":{\"@id\":\"https:\\\/\\\/www.cosmetics-ebene.com\\\/en\\\/product\\\/serum-eclaircissant\\\/#primaryimage\"},\"image\":{\"@id\":\"https:\\\/\\\/www.cosmetics-ebene.com\\\/en\\\/product\\\/serum-eclaircissant\\\/#primaryimage\"},\"thumbnailUrl\":\"https:\\\/\\\/www.cosmetics-ebene.com\\\/wp-content\\\/uploads\\\/2024\\\/09\\\/372-scaled.jpg\",\"datePublished\":\"2016-03-04T14:45:13+00:00\",\"dateModified\":\"2020-08-28T14:47:56+00:00\",\"description\":\"Ce s\u00e9rum \u00e9claircit votre peau harmonieusement et en douceur\",\"breadcrumb\":{\"@id\":\"https:\\\/\\\/www.cosmetics-ebene.com\\\/en\\\/product\\\/serum-eclaircissant\\\/#breadcrumb\"},\"inLanguage\":\"en-US\",\"potentialAction\":[{\"@type\":\"ReadAction\",\"target\":[\"https:\\\/\\\/www.cosmetics-ebene.com\\\/en\\\/product\\\/serum-eclaircissant\\\/\"]}]},{\"@type\":\"ImageObject\",\"inLanguage\":\"en-US\",\"@id\":\"https:\\\/\\\/www.cosmetics-ebene.com\\\/en\\\/product\\\/serum-eclaircissant\\\/#primaryimage\",\"url\":\"https:\\\/\\\/www.cosmetics-ebene.com\\\/wp-content\\\/uploads\\\/2024\\\/09\\\/372-scaled.jpg\",\"contentUrl\":\"https:\\\/\\\/www.cosmetics-ebene.com\\\/wp-content\\\/uploads\\\/2024\\\/09\\\/372-scaled.jpg\",\"width\":1707,\"height\":2560,\"caption\":\"Pro\"},{\"@type\":\"BreadcrumbList\",\"@id\":\"https:\\\/\\\/www.cosmetics-ebene.com\\\/en\\\/product\\\/serum-eclaircissant\\\/#breadcrumb\",\"itemListElement\":[{\"@type\":\"ListItem\",\"position\":1,\"name\":\"Home\",\"item\":\"https:\\\/\\\/www.cosmetics-ebene.com\\\/en\\\/\"},{\"@type\":\"ListItem\",\"position\":2,\"name\":\"Shop\",\"item\":\"https:\\\/\\\/www.cosmetics-ebene.com\\\/shop\\\/\"},{\"@type\":\"ListItem\",\"position\":3,\"name\":\"S\u00e9rum \u00c9claircissant\"}]},{\"@type\":\"WebSite\",\"@id\":\"https:\\\/\\\/www.cosmetics-ebene.com\\\/en\\\/#website\",\"url\":\"https:\\\/\\\/www.cosmetics-ebene.com\\\/en\\\/\",\"name\":\"Sessi\",\"description\":\"Produits de beaut\u00e9 pour peau noires et m\u00e9tiss\u00e9\",\"publisher\":{\"@id\":\"https:\\\/\\\/www.cosmetics-ebene.com\\\/en\\\/#organization\"},\"potentialAction\":[{\"@type\":\"SearchAction\",\"target\":{\"@type\":\"EntryPoint\",\"urlTemplate\":\"https:\\\/\\\/www.cosmetics-ebene.com\\\/en\\\/?s={search_term_string}\"},\"query-input\":{\"@type\":\"PropertyValueSpecification\",\"valueRequired\":true,\"valueName\":\"search_term_string\"}}],\"inLanguage\":\"en-US\"},{\"@type\":\"Organization\",\"@id\":\"https:\\\/\\\/www.cosmetics-ebene.com\\\/en\\\/#organization\",\"name\":\"Sessi\",\"url\":\"https:\\\/\\\/www.cosmetics-ebene.com\\\/en\\\/\",\"logo\":{\"@type\":\"ImageObject\",\"inLanguage\":\"en-US\",\"@id\":\"https:\\\/\\\/www.cosmetics-ebene.com\\\/en\\\/#\\\/schema\\\/logo\\\/image\\\/\",\"url\":\"https:\\\/\\\/www.cosmetics-ebene.com\\\/wp-content\\\/uploads\\\/2024\\\/09\\\/cosmetics-ebene-logo-1-e1727351533275.png\",\"contentUrl\":\"https:\\\/\\\/www.cosmetics-ebene.com\\\/wp-content\\\/uploads\\\/2024\\\/09\\\/cosmetics-ebene-logo-1-e1727351533275.png\",\"width\":350,\"height\":69,\"caption\":\"Sessi\"},\"image\":{\"@id\":\"https:\\\/\\\/www.cosmetics-ebene.com\\\/en\\\/#\\\/schema\\\/logo\\\/image\\\/\"}}]}<\/script>\n<!-- \/ Yoast SEO plugin. -->","yoast_head_json":{"title":"Provate S\u00e9rum \u00e9claircissant","description":"Ce s\u00e9rum \u00e9claircit votre peau harmonieusement et en douceur","robots":{"index":"index","follow":"follow","max-snippet":"max-snippet:-1","max-image-preview":"max-image-preview:large","max-video-preview":"max-video-preview:-1"},"canonical":"https:\/\/www.cosmetics-ebene.com\/en\/product\/serum-eclaircissant\/","og_locale":"en_US","og_type":"article","og_title":"Provate S\u00e9rum \u00e9claircissant","og_description":"Ce s\u00e9rum \u00e9claircit votre peau harmonieusement et en douceur","og_url":"https:\/\/www.cosmetics-ebene.com\/en\/product\/serum-eclaircissant\/","og_site_name":"Sessi","article_modified_time":"2020-08-28T14:47:56+00:00","og_image":[{"width":1707,"height":2560,"url":"https:\/\/www.cosmetics-ebene.com\/wp-content\/uploads\/2024\/09\/372-scaled.jpg","type":"image\/jpeg"}],"twitter_card":"summary_large_image","twitter_misc":{"Est. reading time":"1 minute"},"schema":{"@context":"https:\/\/schema.org","@graph":[{"@type":"WebPage","@id":"https:\/\/www.cosmetics-ebene.com\/en\/product\/serum-eclaircissant\/","url":"https:\/\/www.cosmetics-ebene.com\/en\/product\/serum-eclaircissant\/","name":"Provate S\u00e9rum \u00e9claircissant","isPartOf":{"@id":"https:\/\/www.cosmetics-ebene.com\/en\/#website"},"primaryImageOfPage":{"@id":"https:\/\/www.cosmetics-ebene.com\/en\/product\/serum-eclaircissant\/#primaryimage"},"image":{"@id":"https:\/\/www.cosmetics-ebene.com\/en\/product\/serum-eclaircissant\/#primaryimage"},"thumbnailUrl":"https:\/\/www.cosmetics-ebene.com\/wp-content\/uploads\/2024\/09\/372-scaled.jpg","datePublished":"2016-03-04T14:45:13+00:00","dateModified":"2020-08-28T14:47:56+00:00","description":"Ce s\u00e9rum \u00e9claircit votre peau harmonieusement et en douceur","breadcrumb":{"@id":"https:\/\/www.cosmetics-ebene.com\/en\/product\/serum-eclaircissant\/#breadcrumb"},"inLanguage":"en-US","potentialAction":[{"@type":"ReadAction","target":["https:\/\/www.cosmetics-ebene.com\/en\/product\/serum-eclaircissant\/"]}]},{"@type":"ImageObject","inLanguage":"en-US","@id":"https:\/\/www.cosmetics-ebene.com\/en\/product\/serum-eclaircissant\/#primaryimage","url":"https:\/\/www.cosmetics-ebene.com\/wp-content\/uploads\/2024\/09\/372-scaled.jpg","contentUrl":"https:\/\/www.cosmetics-ebene.com\/wp-content\/uploads\/2024\/09\/372-scaled.jpg","width":1707,"height":2560,"caption":"Pro"},{"@type":"BreadcrumbList","@id":"https:\/\/www.cosmetics-ebene.com\/en\/product\/serum-eclaircissant\/#breadcrumb","itemListElement":[{"@type":"ListItem","position":1,"name":"Home","item":"https:\/\/www.cosmetics-ebene.com\/en\/"},{"@type":"ListItem","position":2,"name":"Shop","item":"https:\/\/www.cosmetics-ebene.com\/shop\/"},{"@type":"ListItem","position":3,"name":"S\u00e9rum \u00c9claircissant"}]},{"@type":"WebSite","@id":"https:\/\/www.cosmetics-ebene.com\/en\/#website","url":"https:\/\/www.cosmetics-ebene.com\/en\/","name":"Sessi","description":"Produits de beaut\u00e9 pour peau noires et m\u00e9tiss\u00e9","publisher":{"@id":"https:\/\/www.cosmetics-ebene.com\/en\/#organization"},"potentialAction":[{"@type":"SearchAction","target":{"@type":"EntryPoint","urlTemplate":"https:\/\/www.cosmetics-ebene.com\/en\/?s={search_term_string}"},"query-input":{"@type":"PropertyValueSpecification","valueRequired":true,"valueName":"search_term_string"}}],"inLanguage":"en-US"},{"@type":"Organization","@id":"https:\/\/www.cosmetics-ebene.com\/en\/#organization","name":"Sessi","url":"https:\/\/www.cosmetics-ebene.com\/en\/","logo":{"@type":"ImageObject","inLanguage":"en-US","@id":"https:\/\/www.cosmetics-ebene.com\/en\/#\/schema\/logo\/image\/","url":"https:\/\/www.cosmetics-ebene.com\/wp-content\/uploads\/2024\/09\/cosmetics-ebene-logo-1-e1727351533275.png","contentUrl":"https:\/\/www.cosmetics-ebene.com\/wp-content\/uploads\/2024\/09\/cosmetics-ebene-logo-1-e1727351533275.png","width":350,"height":69,"caption":"Sessi"},"image":{"@id":"https:\/\/www.cosmetics-ebene.com\/en\/#\/schema\/logo\/image\/"}}]}},"_links":{"self":[{"href":"https:\/\/www.cosmetics-ebene.com\/en\/wp-json\/wp\/v2\/product\/9504","targetHints":{"allow":["GET"]}}],"collection":[{"href":"https:\/\/www.cosmetics-ebene.com\/en\/wp-json\/wp\/v2\/product"}],"about":[{"href":"https:\/\/www.cosmetics-ebene.com\/en\/wp-json\/wp\/v2\/types\/product"}],"replies":[{"embeddable":true,"href":"https:\/\/www.cosmetics-ebene.com\/en\/wp-json\/wp\/v2\/comments?post=9504"}],"version-history":[{"count":0,"href":"https:\/\/www.cosmetics-ebene.com\/en\/wp-json\/wp\/v2\/product\/9504\/revisions"}],"wp:featuredmedia":[{"embeddable":true,"href":"https:\/\/www.cosmetics-ebene.com\/en\/wp-json\/wp\/v2\/media\/9502"}],"wp:attachment":[{"href":"https:\/\/www.cosmetics-ebene.com\/en\/wp-json\/wp\/v2\/media?parent=9504"}],"wp:term":[{"taxonomy":"product_brand","embeddable":true,"href":"https:\/\/www.cosmetics-ebene.com\/en\/wp-json\/wp\/v2\/product_brand?post=9504"},{"taxonomy":"product_cat","embeddable":true,"href":"https:\/\/www.cosmetics-ebene.com\/en\/wp-json\/wp\/v2\/product_cat?post=9504"},{"taxonomy":"product_tag","embeddable":true,"href":"https:\/\/www.cosmetics-ebene.com\/en\/wp-json\/wp\/v2\/product_tag?post=9504"}],"curies":[{"name":"wp","href":"https:\/\/api.w.org\/{rel}","templated":true}]}}